{"id":1200,"date":"2021-10-27T22:31:50","date_gmt":"2021-10-27T20:31:50","guid":{"rendered":"https:\/\/fayjsa.es\/aviso-legal\/"},"modified":"2022-12-18T23:47:26","modified_gmt":"2022-12-18T22:47:26","slug":"aviso-legal","status":"publish","type":"page","link":"https:\/\/fayjsa.es\/en\/aviso-legal\/","title":{"rendered":"Aviso Legal"},"content":{"rendered":"<h2>1. Objeto<\/h2>\n<p>El presente aviso legal regula el uso y utilizaci\u00f3n del sitio web (en adelante el \u201c<strong>WEBSITE<\/strong>\u201d) <a href=\"https:\/\/www.fayjsa.com\" target=\"_blank\" rel=\"noopener\">https:\/\/www.fayjsa.com<\/a> y <a href=\"https:\/\/www.fayjsa.es\">https:\/\/www.fayjsa.es<\/a>\u00a0 del que es propietario <strong>F\u00c1BRICA DE ARANDELAS Y JUNTAS, S.L.<\/strong> (en adelante, el \u201c<strong>PROPIETARIO DE LA WEB<\/strong>\u201d).<\/p>\n<p>La navegaci\u00f3n por el sitio web del <strong>PROPIETARIO DE LA WEB<\/strong> le atribuye la condici\u00f3n de <strong>USUARIO<\/strong> del mismo y conlleva su aceptaci\u00f3n plena y sin reservas de todas y cada una de las condiciones publicadas en este aviso legal, advirtiendo de que dichas condiciones podr\u00e1n ser modificadas sin notificaci\u00f3n previa por parte del <strong>PROPIETARIO DE LA WEB<\/strong>, en cuyo caso se proceder\u00e1 a su publicaci\u00f3n y aviso con la m\u00e1xima antelaci\u00f3n posible.<\/p>\n<p>Por ello es recomendable leer atentamente su contenido en caso de desear acceder y hacer uso de la informaci\u00f3n y de los servicios ofrecidos desde este sitio web.<\/p>\n<p>El usuario, adem\u00e1s, se obliga a hacer un uso correcto del sitio web de conformidad con las leyes, la buena fe, el orden p\u00fablico, los usos del tr\u00e1fico y el presente Aviso Legal, y responder\u00e1 frente al <strong>PROPIETARIO DE LA WEB<\/strong> o frente a terceros, de cualesquiera da\u00f1os y perjuicios que pudieran causarse como consecuencia del incumplimiento de dicha obligaci\u00f3n.<\/p>\n<p>Cualquier utilizaci\u00f3n distinta a la autorizada est\u00e1 expresamente prohibida, pudiendo el <strong>PROPIETARIO DE LA WEB<\/strong> denegar o retirar el acceso y su uso en cualquier momento.<\/p>\n<h2>2. Identificaci\u00f3n<\/h2>\n<p>La p\u00e1gina web <a href=\"https:\/\/www.fayjsa.com\" target=\"_blank\" rel=\"noopener\">https:\/\/www.fayjsa.com<\/a> y <a href=\"https:\/\/www.fayjsa.es\">https:\/\/www.fayjsa.es<\/a>\u00a0 (en adelante, el \u201c<strong>WEBSITE<\/strong>\u201d) es el espacio web corporativo del <strong>PROPIETARIO DE LA WEB<\/strong>, especialistas en arandelas, juntas y piezas estampadas, en toda clase de materiales, formas y medidas<\/p>\n<p>El <strong>PROPIETARIO DE LA WEB<\/strong>, en cumplimiento de la Ley 34\/2002, de 11 de julio, de Servicios de la Sociedad de la Informaci\u00f3n y de Comercio Electr\u00f3nico, le informa de que:<\/p>\n<ul>\n<li><strong>Nombre:<\/strong> F\u00c1BRICA DE ARANDELAS Y JUNTAS, S.L.<\/li>\n<li><strong>CIF:<\/strong> B58204330<\/li>\n<li><strong>Direcci\u00f3n:<\/strong> Ind.\u00a0La Ferrer\u00eda. Calle Del Vapor, 56-58 C.P: 08110 Montcada i Reixac (Barcelona).<\/li>\n<li><strong>Inscrita en el Registro Mercantil de Barcelona:<\/strong> Tomo 7570, Libro 6836, Secci\u00f3n 2\u00aa, Hoja 87243, Folio 135.<\/li>\n<\/ul>\n<h2>\u00a03. Comunicaciones<\/h2>\n<p>Para comunicarse con nosotros, ponemos a su disposici\u00f3n diferentes medios de contacto que detallamos a continuaci\u00f3n:<\/p>\n<ul>\n<li><strong>Tel\u00e9fono:<\/strong> 93 575 14 14<\/li>\n<li><strong>Email:<\/strong> <a href=\"mailto:fayjsa@fayjsa.es\" target=\"_blank\" rel=\"nofollow noopener\">fayjsa@fayjsa.es<\/a><\/li>\n<\/ul>\n<p><u>\u00a0<\/u>Todas las notificaciones y comunicaciones entre los usuarios y el <strong>PROPIETARIO DE LA WEB<\/strong> se considerar\u00e1n eficaces, a todos los efectos, cuando se realicen a trav\u00e9s de cualquier medio de los detallados anteriormente.<\/p>\n<h2>4. Condiciones de Acceso y Utilizaci\u00f3n<\/h2>\n<p>El sitio web y sus servicios son de acceso libre y gratuito. No obstante, el <strong>PROPIETARIO DE LA WEB<\/strong> puede condicionar la utilizaci\u00f3n de algunos de los servicios ofrecidos en su web a la previa cumplimentaci\u00f3n del correspondiente formulario.<\/p>\n<p>El usuario garantiza la autenticidad y actualidad de todos aquellos datos que comunique al <strong>PROPIETARIO DE LA WEB<\/strong> y ser\u00e1 el \u00fanico responsable de las manifestaciones falsas o inexactas que realice.<\/p>\n<p>El usuario se compromete expresamente a hacer un uso adecuado de los contenidos y servicios del <strong>PROPIETARIO DE LA WEB<\/strong> y a no emplearlos para, entre otros:<\/p>\n<ul>\n<li>Difundir contenidos delictivos, violentos, pornogr\u00e1ficos, racistas, xen\u00f3fobos, ofensivos, de apolog\u00eda del terrorismo o, en general, contrarios a la ley o al orden p\u00fablico.<\/li>\n<li>Introducir en la red virus inform\u00e1ticos o realizar actuaciones susceptibles de alterar, estropear, interrumpir o generar errores o da\u00f1os en los documentos electr\u00f3nicos, datos o sistemas f\u00edsicos y l\u00f3gicos del <strong>PROPIETARIO DE LA WEB<\/strong> o de terceras personas; as\u00ed como obstaculizar el acceso de otros usuarios al sitio web y a sus servicios mediante el consumo masivo de los recursos inform\u00e1ticos a trav\u00e9s de los cuales el <strong>PROPIETARIO DE LA WEB<\/strong> presta sus servicios.<\/li>\n<li>Intentar acceder a las cuentas de correo electr\u00f3nico de otros usuarios o a \u00e1reas restringidas de los sistemas inform\u00e1ticos del <strong>PROPIETARIO DE LA WEB<\/strong> o de terceros y, en su caso, extraer informaci\u00f3n.<\/li>\n<li>Vulnerar los derechos de propiedad intelectual o industrial, as\u00ed como violar la confidencialidad de la informaci\u00f3n del <strong>PROPIETARIO DE LA WEB<\/strong> o de terceros.<\/li>\n<li>Suplantar la identidad de cualquier otro usuario.<\/li>\n<li>Reproducir, copiar, distribuir, poner a disposici\u00f3n de, o cualquier otra forma de comunicaci\u00f3n p\u00fablica, transformar o modificar los contenidos, a menos que se cuente con la autorizaci\u00f3n del <strong>PROPIETARIO DE LA WEB<\/strong> de los correspondientes derechos o ello resulte legalmente permitido.<\/li>\n<li>Recabar datos con finalidad publicitaria y de remitir publicidad de cualquier clase y comunicaciones con fines de venta u otras de naturaleza comercial sin que medie su previa solicitud o consentimiento.<\/li>\n<\/ul>\n<p>Todos los contenidos del sitio web, como textos, fotograf\u00edas, gr\u00e1ficos, im\u00e1genes, iconos, tecnolog\u00eda, software, as\u00ed como su dise\u00f1o gr\u00e1fico y c\u00f3digos fuente, constituyen una obra cuya propiedad pertenece al <strong>PROPIETARIO DE LA WEB<\/strong>, sin que puedan entenderse cedidos al usuario ninguno de los derechos de explotaci\u00f3n sobre los mismos m\u00e1s all\u00e1 de lo estrictamente necesario para el correcto uso de la web.<\/p>\n<p>En definitiva, los usuarios que accedan a este sitio web pueden visualizar los contenidos y efectuar, en su caso, copias privadas autorizadas siempre que los elementos reproducidos no sean cedidos posteriormente a terceros, ni se instalen a servidores conectados a redes, ni sean objeto de ning\u00fan tipo de explotaci\u00f3n.<\/p>\n<p>Asimismo, todas las marcas, nombres comerciales o signos distintivos de cualquier clase que aparecen en el sitio web son propiedad del <strong>PROPIETARIO DE LA WEB<\/strong>, sin que pueda entenderse que el uso o acceso al mismo atribuya al usuario derecho alguno sobre los mismos.<\/p>\n<p>La distribuci\u00f3n, modificaci\u00f3n, cesi\u00f3n o comunicaci\u00f3n p\u00fablica de los contenidos y cualquier otro acto que no haya sido expresamente autorizado por el<strong> PROPIETARIO DE LA WEB<\/strong> de los derechos de explotaci\u00f3n quedan prohibidos.<\/p>\n<p>El establecimiento de un hiperenlace no implica en ning\u00fan caso la existencia de relaciones entre el <strong>PROPIETARIO DE LA WEB<\/strong> y el propietario del sitio web en el que se establezca, ni la aceptaci\u00f3n y aprobaci\u00f3n por parte del <strong>PROPIETARIO DE LA WEB<\/strong> de sus contenidos o servicios.<\/p>\n<p>El <strong>PROPIETARIO DE LA WEB<\/strong> no se responsabiliza del uso que cada usuario les d\u00e9 a los materiales puestos a disposici\u00f3n en este sitio web ni de las actuaciones que realice en base a los mismos.<\/p>\n<h3>4.1 Exclusi\u00f3n de Garant\u00edas y de Responsabilidad en el Acceso y la Utilizaci\u00f3n<\/h3>\n<p>El contenido del presente sitio web es de car\u00e1cter general y tiene una finalidad meramente informativa, sin que se garantice plenamente el acceso a todos los contenidos, ni su exhaustividad, correcci\u00f3n, vigencia o actualidad, ni su idoneidad o utilidad para un objetivo espec\u00edfico.<\/p>\n<p>El <strong>PROPIETARIO DE LA WEB<\/strong> excluye, hasta donde permite el ordenamiento jur\u00eddico, cualquier responsabilidad por los da\u00f1os y perjuicios de toda naturaleza derivados de:<\/p>\n<ul>\n<li>La imposibilidad de acceso al <strong>WEBSITE<\/strong> o la falta de veracidad, exactitud, exhaustividad y\/o actualidad de los contenidos, as\u00ed como la existencia de vicios y defectos de toda clase de los contenidos transmitidos, difundidos, almacenados, puestos a disposici\u00f3n, a los que se haya accedido a trav\u00e9s del sitio web o de los servicios que se ofrecen.<\/li>\n<li>La presencia de virus o de otros elementos en los contenidos que puedan producir alteraciones en los sistemas inform\u00e1ticos, documentos electr\u00f3nicos o datos de los usuarios.<\/li>\n<li>El incumplimiento de las leyes, la buena fe, el orden p\u00fablico, los usos del tr\u00e1fico y el presente aviso legal como consecuencia del uso incorrecto del <strong>WEBSITE<\/strong>. En particular, y a modo ejemplificativo, el <strong>PROPIETARIO DE LA WEB<\/strong> no se hace responsable de las actuaciones de terceros que vulneren derechos de propiedad intelectual e industrial, secretos empresariales, derechos al honor, a la intimidad personal y familiar y a la propia imagen, as\u00ed como la normativa en materia de competencia desleal y publicidad il\u00edcita.<\/li>\n<\/ul>\n<p>Asimismo, el <strong>PROPIETARIO DE LA WEB<\/strong> declina cualquier responsabilidad respecto a la informaci\u00f3n que se halle fuera de esta web y no sea gestionada directamente por nuestro webmaster. La funci\u00f3n de los links que aparecen en esta web es exclusivamente la de informar al usuario sobre la existencia de otras fuentes susceptibles de ampliar los contenidos que ofrece este sitio web. El <strong>PROPIETARIO DE LA WEB<\/strong> no garantiza ni se responsabiliza del funcionamiento o accesibilidad de los sitios enlazados; ni sugiere, invita o recomienda la visita a los mismos, por lo que tampoco ser\u00e1 responsable del resultado obtenido. El <strong>PROPIETARIO DE LA WEB<\/strong> no se responsabiliza del establecimiento de hiperv\u00ednculos por parte de terceros.<\/p>\n<h3>4.2 Procedimiento en caso de realizaci\u00f3n de actividades de caracter il\u00edcito<\/h3>\n<p>En el caso de que cualquier usuario o un tercero considere que existen hechos o circunstancias que revelen el car\u00e1cter il\u00edcito de la utilizaci\u00f3n de cualquier contenido y\/o de la realizaci\u00f3n de cualquier actividad en las p\u00e1ginas web incluidas o accesibles a trav\u00e9s del WEBSITE, deber\u00e1 enviar una notificaci\u00f3n al <strong>PROPIETARIO DE LA WEB<\/strong> identific\u00e1ndose debidamente y especificando las supuestas infracciones.<\/p>\n<h3>4.3 Publicaciones<\/h3>\n<p>La informaci\u00f3n administrativa facilitada a trav\u00e9s del sitio web no sustituye la publicidad legal de las leyes, normativas, planes, disposiciones generales y actos que tengan que ser publicados formalmente a los diarios oficiales de las administraciones p\u00fablicas, que constituyen el \u00fanico instrumento que da fe de su autenticidad y contenido. La informaci\u00f3n disponible en este sitio web debe entenderse como una gu\u00eda sin prop\u00f3sito de validez legal.<\/p>\n<h2>5. Condiciones Generales de Uso de Perfiles Sociales<\/h2>\n<p>Con las presentes Condiciones Generales de Uso, el <strong>PROPIETARIO DE LA WEB<\/strong> pretende que todos los usuarios finales conozcan cu\u00e1les son sus derechos y obligaciones desde el momento en que visitan sus perfiles sociales en Facebook, Twitter, y\/o en cualquier red social an\u00e1loga.<\/p>\n<p>Del mismo modo, el <strong>PROPIETARIO DE LA WEB<\/strong> informa a los usuarios sobre sus derechos y obligaciones en relaci\u00f3n con los contenidos expuestos a trav\u00e9s de sus perfiles sociales, logotipos y marcas utilizadas, as\u00ed como las responsabilidades que pueden derivarse del uso del servicio.<\/p>\n<p>El <strong>PROPIETARIO DE LA WEB<\/strong> no se compromete a informar a los usuarios cuando sus comentarios y publicaciones sean objeto de edici\u00f3n y\/o moderaci\u00f3n; sin embargo, podr\u00e1 advertir y tomar las medidas oportunas para suspender y expulsar a los usuarios que env\u00eden contenido inapropiado de forma reiterada. Aquellos usuarios que lleven a cabo las mencionadas conductas en m\u00e1s de una ocasi\u00f3n, habiendo sido suspendidos o expulsados del servicio con anterioridad se les podr\u00e1 impedir el uso del perfil social con car\u00e1cter indefinido, as\u00ed como la imposibilidad de acceder al <strong>WEBSITE<\/strong><\/p>\n<p>As\u00ed mismo, el <strong>PROPIETARIO DE LA WEB<\/strong> no garantiza la veracidad, fiabilidad, vigencia o integridad del contenido de terceros que contiene su perfil social o cualquier sitio enlazado. El <strong>PROPIETARIO DE LA WEB<\/strong> no es responsable del contenido de los sitios web no operados por el <strong>WEBSITE<\/strong>.<\/p>\n<p>La informaci\u00f3n proporcionada a trav\u00e9s del perfil del <strong>PROPIETARIO DE LA WEB<\/strong> en las redes sociales no se puede identificar al asesoramiento profesional prestado por parte del <strong>WEBSITE<\/strong>.<\/p>\n<p>Los usuarios deber\u00e1n recabar asesoramiento profesional apropiado en relaci\u00f3n con sus circunstancias y consultas concretas, para as\u00ed lograr la m\u00e1xima eficacia de las medidas adoptadas, consultando con los profesionales que componen la p\u00e1gina.<\/p>\n<p>El usuario, una vez comience a seguir el perfil social del <strong>WEBSITE<\/strong>, a trav\u00e9s de cualesquiera canales en los que se encuentre inmerso, podr\u00e1 publicar comentarios, enlaces, im\u00e1genes o fotograf\u00edas o cualquier otro tipo de contenido, seg\u00fan las condiciones de la propia red social. El usuario, en todos los casos, debe ser el titular de los mismos, gozar de los derechos de explotaci\u00f3n de propiedad intelectual o contar con el consentimiento de los terceros afectados.<\/p>\n<p>El usuario que decida compartir contenidos en el perfil social del <strong>WEBSITE<\/strong>, debe ser consciente que sus publicaciones ser\u00e1n accesibles y por tanto conocidas por los otros usuarios, por lo que \u00e9l mismo ser\u00e1 el \u00fanico responsable de los mismos, as\u00ed como de las implicaciones que esto pudiera tener para su privacidad.<\/p>\n<p>Se proh\u00edbe expresamente cualquier publicaci\u00f3n en el perfil social del <strong>WEBSITE<\/strong> que vulnera la ley, la moral o el orden p\u00fablico, tanto a nivel de contenido como de derechos de autor o imagen. En estos casos, el <strong>PROPIETARIO DE LA WEB<\/strong> se reserva el derecho a retirar el contenido, pudiendo solicitar el bloqueo permanente del usuario que llev\u00f3 a cabo la publicaci\u00f3n de los mismos.<\/p>\n<p>El <strong>PROPIETARIO DE LA WEB<\/strong> podr\u00e1 usar sus perfiles en las redes sociales para publicitar sus propios productos y servicios. En todo caso, si decidiera tratar sus datos de contacto (perfil de usuario de la red social y\/o correo electr\u00f3nico) para realizar acciones directas de prospecci\u00f3n comercial, ser\u00e1 siempre, cumpliendo con las exigencias legales de la Ley Org\u00e1nica 3\/2018, de 5 de diciembre, de Protecci\u00f3n de Datos Personales y garant\u00eda de los derechos digitales, as\u00ed como con la actual legislaci\u00f3n vigente en materia de protecci\u00f3n de datos recogida en el Reglamento (UE) 2016\/679 del Parlamento Europeo y del Consejo y de la LSSI-CE.<\/p>\n<p>No tendr\u00e1 consideraci\u00f3n de publicidad el hecho de recomendar a otros usuarios los perfiles sociales del <strong>WEBSITE<\/strong> para que tambi\u00e9n ellos puedan estar informados de su actividad.<\/p>\n<p>El <strong>PROPIETARIO DE LA WEB<\/strong> no autoriza el establecimiento de un enlace al <strong>WEBSITE<\/strong> desde aquellas p\u00e1ginas que contengan materiales, que contravengan las leyes, la moral o el orden p\u00fablico.<\/p>\n<p>Todo lo anterior ser\u00e1 aplicable a las p\u00e1ginas Web en las que aparezca contenido del <strong>WEBSITE<\/strong> autorizado por el <strong>PROPIETARIO DE LA WEB<\/strong> del mismo, como plataformas de reproducci\u00f3n del programa.<\/p>\n<h2>6. Confidencialidad y Protecci\u00f3n de Datos<\/h2>\n<p>Consulte\u00a0<a href=\"\/politica-de-privacidad\/\">https:\/\/fayjsa.com\/politica-de-privacidad\/<\/a>\u00a0 y <a href=\"https:\/\/www.fayjsa.es\/politica-de-privacidad\/\">https:\/\/www.fayjsa.es\/politica-de-privacidad\/<\/a> .<\/p>\n<h2>7. Modificaciones de las Condiciones Generales de Uso<\/h2>\n<p>El <strong>PROPIETARIO DE LA WEB<\/strong>, se reserva el derecho de efectuar sin previo aviso las modificaciones que considere oportunas en el portal y en el aviso legal, pudiendo cambiar, suprimir o a\u00f1adir tanto los contenidos y servicios que se presten a trav\u00e9s de la misma como la forma en la que \u00e9stos aparezcan presentados.<\/p>\n<h2>8. Derecho de Exclusi\u00f3n<\/h2>\n<p>El <strong>PROPIETARIO DE LA WEB<\/strong> se reserva el derecho a denegar o retirar el acceso a portal y\/o los servicios ofrecidos sin necesidad de preaviso, a instancia propia o de un tercero, a aquellos usuarios que incumplan las presentes Condiciones Generales de Uso.<\/p>\n<h2>9. Legislaci\u00f3n Aplicable<\/h2>\n<p>Las condiciones presentes se regir\u00e1n por la legislaci\u00f3n espa\u00f1ola vigente.<\/p>\n<p>La lengua utilizada ser\u00e1 el Castellano.<\/p>\n<p>&nbsp;<\/p>\n","protected":false},"excerpt":{"rendered":"<p>1. Objeto El presente aviso legal regula el uso y utilizaci\u00f3n del sitio web (en adelante el \u201cWEBSITE\u201d) https:\/\/www.fayjsa.com y https:\/\/www.fayjsa.es\u00a0 del que es propietario F\u00c1BRICA DE ARANDELAS Y JUNTAS, S.L. (en adelante, el \u201cPROPIETARIO DE LA WEB\u201d). La navegaci\u00f3n por el sitio web del PROPIETARIO DE LA WEB le atribuye la condici\u00f3n de USUARIO [&hellip;]<\/p>\n","protected":false},"author":1,"featured_media":1233,"parent":0,"menu_order":0,"comment_status":"closed","ping_status":"closed","template":"plantilla-textos-legales.php","meta":{"site-sidebar-layout":"default","site-content-layout":"default","ast-site-content-layout":"default","site-content-style":"default","site-sidebar-style":"default","ast-global-header-display":"","ast-banner-title-visibility":"","ast-main-header-display":"","ast-hfb-above-header-display":"","ast-hfb-below-header-display":"","ast-hfb-mobile-header-display":"","site-post-title":"","ast-breadcrumbs-content":"","ast-featured-img":"","footer-sml-layout":"","ast-disable-related-posts":"","theme-transparent-header-meta":"disabled","adv-header-id-meta":"","stick-header-meta":"default","header-above-stick-meta":"","header-main-stick-meta":"","header-below-stick-meta":"","astra-migrate-meta-layouts":"default","ast-page-background-enabled":"default","ast-page-background-meta":{"desktop":{"background-color":"var(--ast-global-color-4)","background-image":"","background-repeat":"repeat","background-position":"center center","background-size":"auto","background-attachment":"scroll","background-type":"","background-media":"","overlay-type":"","overlay-color":"","overlay-opacity":"","overlay-gradient":""},"tablet":{"background-color":"","background-image":"","background-repeat":"repeat","background-position":"center center","background-size":"auto","background-attachment":"scroll","background-type":"","background-media":"","overlay-type":"","overlay-color":"","overlay-opacity":"","overlay-gradient":""},"mobile":{"background-color":"","background-image":"","background-repeat":"repeat","background-position":"center center","background-size":"auto","background-attachment":"scroll","background-type":"","background-media":"","overlay-type":"","overlay-color":"","overlay-opacity":"","overlay-gradient":""}},"ast-content-background-meta":{"desktop":{"background-color":"var(--ast-global-color-5)","background-image":"","background-repeat":"repeat","background-position":"center center","background-size":"auto","background-attachment":"scroll","background-type":"","background-media":"","overlay-type":"","overlay-color":"","overlay-opacity":"","overlay-gradient":""},"tablet":{"background-color":"var(--ast-global-color-5)","background-image":"","background-repeat":"repeat","background-position":"center center","background-size":"auto","background-attachment":"scroll","background-type":"","background-media":"","overlay-type":"","overlay-color":"","overlay-opacity":"","overlay-gradient":""},"mobile":{"background-color":"var(--ast-global-color-5)","background-image":"","background-repeat":"repeat","background-position":"center center","background-size":"auto","background-attachment":"scroll","background-type":"","background-media":"","overlay-type":"","overlay-color":"","overlay-opacity":"","overlay-gradient":""}},"footnotes":""},"class_list":["post-1200","page","type-page","status-publish","has-post-thumbnail","hentry"],"_links":{"self":[{"href":"https:\/\/fayjsa.es\/en\/wp-json\/wp\/v2\/pages\/1200","targetHints":{"allow":["GET"]}}],"collection":[{"href":"https:\/\/fayjsa.es\/en\/wp-json\/wp\/v2\/pages"}],"about":[{"href":"https:\/\/fayjsa.es\/en\/wp-json\/wp\/v2\/types\/page"}],"author":[{"embeddable":true,"href":"https:\/\/fayjsa.es\/en\/wp-json\/wp\/v2\/users\/1"}],"replies":[{"embeddable":true,"href":"https:\/\/fayjsa.es\/en\/wp-json\/wp\/v2\/comments?post=1200"}],"version-history":[{"count":1,"href":"https:\/\/fayjsa.es\/en\/wp-json\/wp\/v2\/pages\/1200\/revisions"}],"predecessor-version":[{"id":1202,"href":"https:\/\/fayjsa.es\/en\/wp-json\/wp\/v2\/pages\/1200\/revisions\/1202"}],"wp:featuredmedia":[{"embeddable":true,"href":"https:\/\/fayjsa.es\/en\/wp-json\/wp\/v2\/media\/1233"}],"wp:attachment":[{"href":"https:\/\/fayjsa.es\/en\/wp-json\/wp\/v2\/media?parent=1200"}],"curies":[{"name":"wp","href":"https:\/\/api.w.org\/{rel}","templated":true}]}}