{"id":1222,"date":"2021-10-27T22:31:57","date_gmt":"2021-10-27T20:31:57","guid":{"rendered":"https:\/\/fayjsa.es\/politica-privacidad\/"},"modified":"2023-02-13T15:38:16","modified_gmt":"2023-02-13T14:38:16","slug":"politica-privacidad","status":"publish","type":"page","link":"https:\/\/fayjsa.es\/en\/politica-privacidad\/","title":{"rendered":"Pol\u00edtica de Privacidad"},"content":{"rendered":"<p><strong>FA\u0301BRICA DE ARANDELAS Y JUNTAS, S.L.<\/strong> (desde ahora, el titular), es el responsable de tratamiento de datos personales y titular del website <a href=\"https:\/\/www.fayjsa.com\" target=\"_blank\" rel=\"noopener\">https:\/\/www.fayjsa.com<\/a> y <a href=\"https:\/\/fayjsa.es\/en\/\">https:\/\/www.fayjsa.es<\/a> (desde ahora, \u201cel website\u201d).<\/p>\n<p>El titular garantiza la protecci\u00f3n de todos los datos de car\u00e1cter personal que proporcione el usuario en el website.<\/p>\n<p>A tenor de lo establecido en el p\u00e1rrafo anterior, se le informa de que:<\/p>\n<p><em>En cumplimiento de lo establecido la Ley Org\u00e1nica 3\/2018, de 5 de diciembre, de Protecci\u00f3n de Datos Personales y Garant\u00eda de los Derechos Digitales, as\u00ed como con la actual legislaci\u00f3n vigente en materia de protecci\u00f3n de datos recogida en el Reglamento (UE) 2016\/679 del Parlamento Europeo y del Consejo, le informamos que mediante la cumplimentaci\u00f3n del presente formulario est\u00e1 dando el consentimiento expreso, as\u00ed como de todos los datos de car\u00e1cter personal que proporcione el usuario en el website, a que \u00e9stos queden incorporados y sean tratados en un registro de actividades de tratamiento de datos personales al efecto y mantenido bajo la responsabilidad del titular.<\/em><\/p>\n<p>Para los clientes, el tratamiento de sus datos personales responde a la legitimaci\u00f3n derivada de la ejecuci\u00f3n del contrato.<\/p>\n<h2>Identidad del Responsable de Tratamiento de sus Datos Personales<\/h2>\n<ul>\n<li><strong>Identidad del titular: <\/strong>F\u00c1BRICA DE ARANDELAS Y JUNTAS, S.L.<\/li>\n<li><strong>CIF:<\/strong> B58204330<\/li>\n<li><strong>Direcci\u00f3n: <\/strong>Pol. Ind.\u00a0La Ferrer\u00eda. Calle Del Vapor, 56-58 C.P: 08110 Montcada i Reixac \u00a0(Barcelona).<\/li>\n<li><strong>Correo electr\u00f3nico<\/strong>: <a href=\"mailto:privacidad@fayjsa.es\" target=\"_blank\" rel=\"nofollow noopener\">privacidad@fayjsa.es<\/a><\/li>\n<\/ul>\n<h2>Finalidades y Tiempo de Conservaci\u00f3n de Datos Personales<\/h2>\n<p>Mediante la cumplimentaci\u00f3n de los formularios y otras formas de comunicaci\u00f3n presentes en el website, el usuario da su consentimiento expreso a que los datos de car\u00e1cter personal solicitados queden incorporados y sean tratados en el registro de actividades de tratamiento de datos personales de creado al efecto y mantenido bajo la responsabilidad del titular.<\/p>\n<p>A efectos de lo previsto en la legislaci\u00f3n vigente, los datos personales que me env\u00edes a trav\u00e9s de los formularios de la web, recibir\u00e1n el tratamiento de datos de \u201cUsuarios de la web y suscriptores\u201d y\/o de \u201cclientes y proveedores\u201d.<\/p>\n<p>La base legal para el tratamiento de sus datos es:\u00a0tu consentimiento. Siempre se requiere el consentimiento previo de los usuarios para tratar sus datos personales con los fines indicados.<\/p>\n<p>Los datos personales proporcionados se conservar\u00e1n: Hasta que no se solicite su supresi\u00f3n por el interesado.<\/p>\n<p>No se tratan categor\u00edas de datos especialmente protegidos.<\/p>\n<p>Esta web incluye un certificado SSL. Se trata de un protocolo de seguridad que hace que tus datos viajen de manera \u00edntegra y segura, es decir, la transmisi\u00f3n de los datos entre un servidor y usuario web, y en retroalimentaci\u00f3n, es totalmente cifrada o encriptada.<\/p>\n<p>Los formularios de captaci\u00f3n de datos, sus finalidades y tiempo de conservaci\u00f3n, son los siguientes:<\/p>\n<ul>\n<li><strong>Suscripci\u00f3n a la p\u00e1gina para recibir las nuevas entradas en el blog, as\u00ed como otra informaci\u00f3n de inter\u00e9s relacionada con la tem\u00e1tica del website.<\/strong> La suscripci\u00f3n se realiza, tambi\u00e9n, mediante la cumplimentaci\u00f3n del formulario de newsletter. Tiempo de conservaci\u00f3n: mientras dure el tratamiento, salvo que el usuario ejerza sus derechos de cancelaci\u00f3n antes.<\/li>\n<li><strong>Recogida y tratamiento automatizado de los datos personales<\/strong>, como consecuencia de la navegaci\u00f3n por las p\u00e1ginas del website (puedes consultar la pol\u00edtica de cookies).<\/li>\n<li><strong>Atender, gestionar y resolver las consultas, preguntas, propuestas, petici\u00f3n de presupuestos y cualquier otra informaci\u00f3n requerida por el interesado (formulario de contacto).<\/strong> Los datos personales, para esta finalidad, son facilitados mediante el formulario de contacto. Tiempo de conservaci\u00f3n: mientras dure el tratamiento para la gesti\u00f3n de las consultas.<\/li>\n<li>Mediante el formulario de contacto citado en el p\u00e1rrafo anterior, se procede a la <strong>recogida y tratamiento automatizado de los datos personales como consecuencia de la consulta, solicitud o suscripci\u00f3n de cualquier servicio\/s de los ofrecidos por el propietario del <\/strong>website. Tiempo de conservaci\u00f3n: mientras dure el tratamiento, salvo que el usuario ejerza sus derechos de cancelaci\u00f3n antes.<\/li>\n<li><strong>Gestionar los comentarios del blog, <\/strong>mediante el formulario que posibilita dichos comentarios. El tiempo de conservaci\u00f3n ser\u00e1 mientras dure el tratamiento para la gesti\u00f3n y moderaci\u00f3n de comentarios.<\/li>\n<li><strong>Descarga de contenido gratuito y recepci\u00f3n de contenido similar relativo a la tem\u00e1tica del website mediante los formularios de lead magnet, <\/strong>a trav\u00e9s de los cuales el usuario se suscribe a la newsletter para recibir contenido relativo a la tem\u00e1tica del website. La suscripci\u00f3n se realiza, mediante la cumplimentaci\u00f3n del formulario de descarga del contenido gratuito. Tiempo de conservaci\u00f3n: mientras dure el tratamiento, salvo que el usuario ejerza sus derechos de cancelaci\u00f3n antes.<\/li>\n<li><strong>Relaci\u00f3n comercial con el cliente<\/strong>. El tiempo de conservaci\u00f3n ser\u00e1 el necesario para el tratamiento. Contratos y facturas cinco y diez a\u00f1os, respectivamente.<\/li>\n<li><strong>Sistemas de rastreo de Google Analytics<\/strong>, para estudiar las preferencias de los usuarios, sus caracter\u00edsticas demogr\u00e1ficas, sus patrones de tr\u00e1fico, y otra informaci\u00f3n en conjunto para comprender mejor qui\u00e9nes constituyen su audiencia y qu\u00e9 es lo que esta necesita. El rastreo de las preferencias de nuestros usuarios tambi\u00e9n nos ayuda a mostrarle los avisos publicitarios m\u00e1s relevantes.<\/li>\n<li><strong>Por motivo del uso de Google Fonts en el website<\/strong>, es posible que alguno de sus datos, como la IP, sean tratados con la finalidad de prestar el servicio adecuado del mismo.<\/li>\n<li><strong>Facebook Ads<\/strong>, para la captaci\u00f3n de suscriptores y clientes, por lo que, al generar un anuncio, se puede segmentar el p\u00fablico por el lugar, datos demogr\u00e1ficos, intereses, etc., por lo que los datos obtenidos por esta plataforma, estar\u00edan sujetos a esta pol\u00edtica de privacidad desde el momento en que el usuario deja sus datos para unirse al bolet\u00edn de mi comunidad.<\/li>\n<\/ul>\n<p>Adem\u00e1s, se realiza\u00a0remarketing\u00a0para asociar una audiencia determinada que ya haya visitado la web con anterioridad a un mensaje concreto, con la finalidad de que vuelvan a visitar la web.<\/p>\n<p>Esta informaci\u00f3n se recopila por las cookies de Facebook, las cuales podr\u00e1 inhabilitar a trav\u00e9s de Network Advertising Initiative.<\/p>\n<p>Los datos que se solicitan a trav\u00e9s de la web son obligatorios, ya que son necesarios para la prestaci\u00f3n de un servicio \u00f3ptimo. En caso de que no sean facilitados todos los datos, no se puede garantizar que la informaci\u00f3n y servicios sean completamente ajustados a tus necesidades.<\/p>\n<p>El titular no comparte, vende ni alquila tu informaci\u00f3n personal con otras partes. No obstante, puede compartir cierta informaci\u00f3n con los proveedores de servicios de terceros autorizados necesarios para prestarte algunos servicios.<\/p>\n<h2>Legitimaci\u00f3n para el Tratamiento de Datos Personales<\/h2>\n<p>El tratamiento de datos personales que lleva a cabo el titular, a trav\u00e9s de su website, tiene como base legal <strong>el consentimiento<\/strong>. Dicho consentimiento del interesado es <strong>expreso, libre, espec\u00edfico, informado e inequ\u00edvoco<\/strong>.<\/p>\n<p>En la recogida y el tratamiento de los datos de car\u00e1cter personal se han adoptado las medidas de seguridad adecuadas para evitar la p\u00e9rdida, el acceso no autorizado o la manipulaci\u00f3n de los mismos, de acuerdo con lo establecido en la legislaci\u00f3n anteriormente mencionada.<\/p>\n<p>El titular\u00a0se compromete a proteger la informaci\u00f3n confidencial a la que tenga acceso.<\/p>\n<h2>Destinatarios<\/h2>\n<p><strong>El<\/strong><strong> titular se compromete a que, estos datos personales no ser\u00e1n compartidos o cedidos a terceros sin <\/strong><strong>el consentimiento expreso de los usuarios<\/strong>.\u00a0 La prestaci\u00f3n de ciertos servicios, no obstante, puede requerir de transferencias de datos a terceros pa\u00edses o entidades para la gesti\u00f3n de infraestructuras o la provisi\u00f3n de servicios, como, por ejemplo, la gesti\u00f3n de los boletines electr\u00f3nicos. En estos casos, se garantiza su alojamiento en pa\u00edses de la Uni\u00f3n Europea (y por tanto el cumplimiento del Reglamento General de Protecci\u00f3n de Datos europeo).<\/p>\n<p>En el supuesto de transferencia de datos a pa\u00edses fuera de la Uni\u00f3n Europea:<\/p>\n<ul>\n<li>Se cuenta con la garant\u00eda de cl\u00e1usulas contractuales tipo para la transferencia de datos personales entre responsables del tratamiento a un tercer pa\u00eds.<\/li>\n<li>Se requerir\u00e1 del consentimiento expl\u00edcito, previa informaci\u00f3n de los posibles riesgos, debido a la ausencia de una decisi\u00f3n de adecuaci\u00f3n y de garant\u00edas adecuadas, conforme a lo establecido en el art\u00edculo 49 del RGPD.<\/li>\n<\/ul>\n<p>El hosting del website es de OVH, con sede en Dubl\u00edn. Puedes consultar su pol\u00edtica de protecci\u00f3n de datos personales en <a href=\"https:\/\/www.ovhcloud.com\/es-es\/personal-data-protection\/\" target=\"_blank\" rel=\"noopener\">https:\/\/www.ovh.es\/proteccion-datos-personales\/<\/a> , as\u00ed como su contrato de tratamiento de datos.<\/p>\n<p><strong>En ning\u00fan caso la transferencia de esos datos implicar\u00e1 un uso que exceda el consentimiento expresado a los fines y condiciones presentes en esta pol\u00edtica de privacidad.<\/strong><\/p>\n<ol>\n<li>En caso de facilitarnos datos de car\u00e1cter personal de otras personas sin indicar este hecho al titular, lo hace con su consentimiento expreso y habiendo sido informado, con car\u00e1cter previo, de los extremos contenidos en esta cl\u00e1usula. Del mismo modo, rogamos nos comunique cualquier variaci\u00f3n que pueda darse en los datos facilitados.<br \/>\nLa titular no se hace responsable de la cesi\u00f3n de datos de terceros que no hayan prestado su consentimiento ni tengan conocimiento de los contenidos de la presente cl\u00e1usula, siendo responsabilidad de la persona que cede dichos datos a la titular del website.<\/li>\n<li>En caso de no facilitar los datos requeridos, los servicios de la p\u00e1gina web podr\u00edan no estar disponibles en su totalidad. El hecho de no facilitar el correo electr\u00f3nico, requisito para la suscripci\u00f3n a la newsletter, o su incorrecta transcripci\u00f3n en el formulario, impedir\u00eda realizar las comunicaciones que constituyen su finalidad. De no facilitar los datos requeridos en el formulario de contacto no se podr\u00edan llevar a cabo de forma satisfactoria los servicios solicitados. Si no se facilitan los datos solicitados para comentar en el blog, no podr\u00e1 procederse a la publicaci\u00f3n de dichos comentarios en el website. La negaci\u00f3n a aceptar la pol\u00edtica de cookies (link pol\u00edtica de cookies) podr\u00eda suponer la p\u00e9rdida de funcionalidades de la p\u00e1gina web.<\/li>\n<li>El usuario certifica que es mayor de 14 a\u00f1os y que por lo tanto posee la capacidad legal necesaria para la prestaci\u00f3n del consentimiento en cuenta al tratamiento de sus datos de car\u00e1cter personal y todo ello, de conformidad con lo establecido en la presente Pol\u00edtica de Privacidad.<\/li>\n<li>El usuario cuenta, en todo momento, con la posibilidad de ejercitar los Derechos ARCO-POL, enviando comunicaci\u00f3n dirigida al titular del website enviando un correo electr\u00f3nico a\u00a0<a href=\"mailto:privacidad@fayjsa.es\">privacidad@fayjsa.es<\/a> .<\/li>\n<li>El interesado tiene derecho a recibir los datos personales que le conciernen, que haya facilitado a un responsable del tratamiento, en un formato estructurado, de uso com\u00fan y legible por m\u00e1quina y tiene derecho a transmitir dichos datos a otro responsable del tratamiento sin impedimentos del responsable del tratamiento al que haya facilitado los datos.<\/li>\n<li>En determinadas circunstancias, los interesados podr\u00e1n solicitar la limitaci\u00f3n del tratamiento de sus datos, en cuyo caso \u00fanicamente los conservaremos para el ejercicio o la defensa de reclamaciones.<\/li>\n<li>En el caso de que se haya otorgado el consentimiento para alguna finalidad espec\u00edfica, tiene derecho a retirar el consentimiento en cualquier momento, sin que ello afecte a la licitud del tratamiento basado en el consentimiento previo a su retirada.<\/li>\n<li>Los interesados pueden presentar una reclamaci\u00f3n ante la Autoridad de Control en materia de Protecci\u00f3n de Datos competente cuando no hayan obtenido satisfacci\u00f3n en el ejercicio de sus derechos.<\/li>\n<li>El consentimiento expreso manifestado al rellenar el formulario de inscripci\u00f3n, comprende tambi\u00e9n lo siguiente:\n<ul>\n<li>El titular se reserva el derecho a subcontratar a empleados para la prestaci\u00f3n de servicios de diversa \u00edndole en el para el conveniente desarrollo y organizaci\u00f3n de la actividad del website.<\/li>\n<li>Del mismo modo, se reserva el derecho a contratar a terceros para el tratamiento y gesti\u00f3n de las cuestiones de \u00e1mbito legislativo en general y, de lo relativo a protecci\u00f3n de datos en concreto. En todos estos casos, el titular, obligar\u00e1 a la empresa contratada y\/o profesional particular y a los encargados de la gesti\u00f3n del tratamiento de los datos personales cedidos, a firmar un documento de confidencialidad de datos personales para asegurar la privacidad de esta informaci\u00f3n.<\/li>\n<li>El usuario consiente en que se cedan sus datos personales cuando as\u00ed sea requerido por las Autoridades administrativas competentes o por mandato judicial.<\/li>\n<\/ul>\n<\/li>\n<li>El usuario autoriza al tratamiento de los datos personales cedidos al titular en los t\u00e9rminos establecidos en la presente cl\u00e1usula.<\/li>\n<li>El titular se reserva el derecho a modificar la presente pol\u00edtica de privacidad para adaptarla a novedades legislativas o jurisprudenciales, as\u00ed como a pr\u00e1cticas de la industria. En dichos supuestos, anunciar\u00e9 en esta p\u00e1gina los cambios introducidos con razonable antelaci\u00f3n a su puesta en pr\u00e1ctica.<\/li>\n<\/ol>\n<p>&nbsp;<\/p>\n<h2 style=\"text-align: center;\">Tratamiento de los datos de clientes<\/h2>\n<table>\n<thead>\n<tr>\n<th colspan=\"2\">Informaci\u00f3n b\u00e1sica sobre Protecci\u00f3n de datos<\/th>\n<\/tr>\n<\/thead>\n<tbody>\n<tr>\n<th>Responsable:<\/th>\n<td>F\u00c1BRICA DE ARANDELAS Y JUNTAS, S.L.<\/td>\n<\/tr>\n<tr>\n<th>Finalidad:<\/th>\n<td>Prestar los servicios solicitados y enviar comunicaciones comerciales<\/td>\n<\/tr>\n<tr>\n<th>Legitimaci\u00f3n:<\/th>\n<td>Ejecuci\u00f3n de un contrato.<\/p>\n<p>Inter\u00e9s leg\u00edtimo del Responsable.<\/td>\n<\/tr>\n<tr>\n<th>Destinatarios:<\/th>\n<td>Est\u00e1n previstas cesiones de datos a: Administraci\u00f3n Tributaria; Entidades financieras.<\/td>\n<\/tr>\n<tr>\n<th>Derechos:<\/th>\n<td>Tiene derecho a acceder, rectificar y suprimir los datos, as\u00ed como otros derechos, indicados en la informaci\u00f3n adicional, que puede ejercer dirigi\u00e9ndose a <a href=\"mailto:privacidad@fayjsa.es\" target=\"_blank\" rel=\"nofollow noopener\">privacidad@fayjsa.es<\/a> o por env\u00edo postal a Pol. Ind.\u00a0La Ferrer\u00eda, calle del Vapor, 56-58 C.P: 08110 Montcada i Reixac \u00a0(Barcelona).<\/td>\n<\/tr>\n<tr>\n<th>Procedencia:<\/th>\n<td>El propio interesado.<\/td>\n<\/tr>\n<\/tbody>\n<\/table>\n<h2 style=\"text-align: center;\">\u00a0Informaci\u00f3n completa sobre Protecci\u00f3n de Datos<\/h2>\n<h3>\u00a01. \u00bfQui\u00e9n es el responsable del tratamiento de sus datos?<\/h3>\n<ul>\n<li><strong>Identidad del titular: <\/strong>F\u00c1BRICA DE ARANDELAS Y JUNTAS, S.L.<\/li>\n<li><strong>CIF:<\/strong> B58204330<\/li>\n<li><strong>Direcci\u00f3n: <\/strong>Pol. Ind.\u00a0La Ferrer\u00eda. Calle Del Vapor, 56-58 C.P: 08110 Montcada i Reixac \u00a0(Barcelona).<\/li>\n<li><strong>Correo electr\u00f3nico<\/strong>: <a href=\"mailto:privacidad@fayjsa.es\" target=\"_blank\" rel=\"nofollow noopener\">privacidad@fayjsa.es<\/a><\/li>\n<\/ul>\n<h3>2. \u00bfCon qu\u00e9 finalidad tratamos sus datos personales?<\/h3>\n<p>El tratamiento de datos personales llevado a cabo por el titular tiene el fin de realizar la gesti\u00f3n administrativa, contable y fiscal de los servicios solicitados, as\u00ed como enviar comunicaciones comerciales sobre nuestros productos y servicios. En el caso de que no facilite sus datos personales, no podremos cumplir con las funcionalidades descritas anteriormente.<\/p>\n<p>No se van a tomar decisiones automatizadas en base a los datos proporcionados.<\/p>\n<h3>3. \u00bfPor cu\u00e1nto tiempo conservaremos sus datos?<\/h3>\n<p>Los datos se conservar\u00e1n mientras el interesado no solicite su supresi\u00f3n, y en su caso, durante los a\u00f1os necesarios para cumplir con las obligaciones legales.<\/p>\n<h3>4. \u00bfCu\u00e1l es la legitimaci\u00f3n para el tratamiento de sus datos?<\/h3>\n<p>Le indicamos la base legal para el tratamiento de sus datos:<\/p>\n<ul>\n<li>Ejecuci\u00f3n de un contrato: Realizar la gesti\u00f3n administrativa, contable y fiscal de los servicios solicitados<\/li>\n<li>Inter\u00e9s leg\u00edtimo del Responsable: Enviar comunicaciones comerciales sobre nuestros productos y servicios<\/li>\n<\/ul>\n<h3>5. \u00bfA qu\u00e9 destinatarios se comunicar\u00e1n sus datos?<\/h3>\n<p>Los datos se comunicar\u00e1n a los siguientes destinatarios:<\/p>\n<ul>\n<li>Administraci\u00f3n Tributaria, con la finalidad de cumplir con las obligaciones legales<\/li>\n<li>Entidades financieras, con la finalidad de girar los recibos correspondientes<\/li>\n<\/ul>\n<h3>6. Transferencias de datos a terceros pa\u00edses<\/h3>\n<p>No est\u00e1n previstas transferencias de datos a terceros pa\u00edses.<\/p>\n<h3>7. \u00bfCu\u00e1les son sus derechos cuando nos facilita sus datos?<\/h3>\n<p>Cualquier persona tiene derecho a obtener confirmaci\u00f3n sobre si estamos tratando, o no, datos personales que les conciernan.<\/p>\n<p>Las personas interesadas tienen derecho a acceder a sus datos personales, as\u00ed como a solicitar la rectificaci\u00f3n de los datos inexactos o, en su caso, solicitar su supresi\u00f3n cuando, entre otros motivos, los datos ya no sean necesarios para los fines que fueron recogidos. Igualmente tiene derecho a la portabilidad de sus datos.<\/p>\n<p>En determinadas circunstancias, los interesados podr\u00e1n solicitar la limitaci\u00f3n del tratamiento de sus datos, en cuyo caso \u00fanicamente los conservaremos para el ejercicio o la defensa de reclamaciones.<\/p>\n<p>En determinadas circunstancias y por motivos relacionados con su situaci\u00f3n particular, los interesados podr\u00e1n oponerse al tratamiento de sus datos. En este caso, el titular, dejar\u00e1 de tratar los datos, salvo por motivos leg\u00edtimos imperiosos, o el ejercicio o la defensa de posibles reclamaciones.<\/p>\n<p>Podr\u00e1 ejercitar materialmente sus derechos de la siguiente forma: dirigi\u00e9ndose a privacidad@fayjsa.es o por env\u00edo postal a Pol. Ind.\u00a0La Ferrer\u00eda, calle del Vapor, 56-58 C.P: 08110 Montcada i Reixac \u00a0(Barcelona).<\/p>\n<p>Cuando se realice el env\u00edo de comunicaciones comerciales utilizando como base jur\u00eddica el inter\u00e9s leg\u00edtimo del responsable, el interesado podr\u00e1 oponerse al tratamiento de sus datos con ese fin.<\/p>\n<p>Si ha otorgado su consentimiento para alguna finalidad concreta, tiene derecho a retirar el consentimiento otorgado en cualquier momento, sin que ello afecte a la licitud del tratamiento basado en el consentimiento previo a su retirada.<\/p>\n<p>En caso de que sienta vulnerados sus derechos en lo concerniente a la protecci\u00f3n de sus datos personales, especialmente cuando no haya obtenido satisfacci\u00f3n en el ejercicio de sus derechos, puede presentar una reclamaci\u00f3n ante la Autoridad de Control en materia de Protecci\u00f3n de Datos competente a trav\u00e9s de su sitio web: <a href=\"https:\/\/www.aepd.es\/es\" target=\"_blank\" rel=\"noopener\">www.aepd.es<\/a>.<\/p>\n<h3>8. \u00bfC\u00f3mo hemos obtenido sus datos?<\/h3>\n<p>Los datos personales que trata el titular proceden de: <strong>El propio interesado<\/strong>.<\/p>\n<p>Las categor\u00edas de datos que se tratan son:<\/p>\n<ul>\n<li>Datos identificativos.<\/li>\n<li>Direcciones postales y electr\u00f3nicas.<\/li>\n<li>Informaci\u00f3n comercial.<\/li>\n<\/ul>\n<h2 style=\"text-align: center;\">Tratamiento de los datos para el env\u00edo de la Newsletter<\/h2>\n<table>\n<thead>\n<tr>\n<th colspan=\"2\">Informaci\u00f3n b\u00e1sica sobre Protecci\u00f3n de datos<\/th>\n<\/tr>\n<\/thead>\n<tbody>\n<tr>\n<th>Responsable:<\/th>\n<td>F\u00c1BRICA DE ARANDELAS Y JUNTAS, S.L.<\/td>\n<\/tr>\n<tr>\n<th>Finalidad:<\/th>\n<td>Gestionar la suscripci\u00f3n de la Newsletter<\/td>\n<\/tr>\n<tr>\n<th>Legitimaci\u00f3n:<\/th>\n<td>Consentimiento del interesado.<\/td>\n<\/tr>\n<tr>\n<th>Destinatarios:<\/th>\n<td>No se ceder\u00e1n datos a terceros, salvo obligaci\u00f3n legal.<\/td>\n<\/tr>\n<tr>\n<th>Derechos:<\/th>\n<td>Tiene derecho a acceder, rectificar y suprimir los datos, as\u00ed como otros derechos, indicados en la informaci\u00f3n adicional, que puede ejercer dirigi\u00e9ndose a <a href=\"mailto:privacidad@fayjsa.es\" target=\"_blank\" rel=\"nofollow noopener\">privacidad@fayjsa.es<\/a> o por env\u00edo postal a Pol. Ind.\u00a0La Ferrer\u00eda, calle del Vapor, 56-58 C.P: 08110 Montcada i Reixac \u00a0(Barcelona).<\/td>\n<\/tr>\n<tr>\n<th>Procedencia:<\/th>\n<td>El propio interesado.<\/td>\n<\/tr>\n<\/tbody>\n<\/table>\n<h2 style=\"text-align: center;\">\u00a0Informaci\u00f3n completa sobre Protecci\u00f3n de Datos<\/h2>\n<h3>\u00a01. \u00bfQui\u00e9n es el responsable del tratamiento de sus datos?<\/h3>\n<ul>\n<li><strong>Identidad del titular: <\/strong>F\u00c1BRICA DE ARANDELAS Y JUNTAS, S.L.<\/li>\n<li><strong>CIF:<\/strong> B58204330<\/li>\n<li><strong>Direcci\u00f3n: <\/strong>Pol. Ind.\u00a0La Ferrer\u00eda. Calle Del Vapor, 56-58 C.P: 08110 Montcada i Reixac \u00a0(Barcelona).<\/li>\n<li><strong>Correo electr\u00f3nico<\/strong>: <a href=\"mailto:privacidad@fayjsa.es\" target=\"_blank\" rel=\"nofollow noopener\">privacidad@fayjsa.es<\/a><\/li>\n<\/ul>\n<h3>2. \u00bfCon qu\u00e9 finalidad tratamos sus datos personales?<\/h3>\n<p>El tratamiento de datos personales llevado a cabo por el titular tiene el fin de gestionar la suscripci\u00f3n de la newsletter, que mandamos de forma peri\u00f3dica a los interesados que se suscriben a ella. En el caso de que no facilite sus datos personales, no podremos cumplir con las funcionalidades descritas anteriormente.<\/p>\n<p>No se van a tomar decisiones automatizadas en base a los datos proporcionados.<\/p>\n<h3>3. \u00bfPor cu\u00e1nto tiempo conservaremos sus datos?<\/h3>\n<p>Los datos se conservar\u00e1n mientras no manifieste su deseo de que sean suprimidos<\/p>\n<h3>4. \u00bfCu\u00e1l es la legitimaci\u00f3n para el tratamiento de sus datos?<\/h3>\n<p>Le indicamos la base legal para el tratamiento de sus datos:<\/p>\n<ul>\n<li>Consentimiento del interesado: Enviarle la newsletter, que se manda de forma peri\u00f3dica.<\/li>\n<\/ul>\n<h3>5. \u00bfA qu\u00e9 destinatarios se comunicar\u00e1n sus datos?<\/h3>\n<p>No se ceder\u00e1n datos a terceros, salvo obligaci\u00f3n legal.<\/p>\n<h3>6. Transferencias de datos a terceros pa\u00edses<\/h3>\n<p>No est\u00e1n previstas transferencias de datos a terceros pa\u00edses.<\/p>\n<h3>7. \u00bfCu\u00e1les son sus derechos cuando nos facilita sus datos?<\/h3>\n<p>Cualquier persona tiene derecho a obtener confirmaci\u00f3n sobre si estamos tratando, o no, datos personales que les conciernan.<\/p>\n<p>Las personas interesadas tienen derecho a acceder a sus datos personales, as\u00ed como a solicitar la rectificaci\u00f3n de los datos inexactos o, en su caso, solicitar su supresi\u00f3n cuando, entre otros motivos, los datos ya no sean necesarios para los fines que fueron recogidos. Igualmente tiene derecho a la portabilidad de sus datos.<\/p>\n<p>En determinadas circunstancias, los interesados podr\u00e1n solicitar la limitaci\u00f3n del tratamiento de sus datos, en cuyo caso \u00fanicamente los conservaremos para el ejercicio o la defensa de reclamaciones.<\/p>\n<p>En determinadas circunstancias y por motivos relacionados con su situaci\u00f3n particular, los interesados podr\u00e1n oponerse al tratamiento de sus datos. En este caso, el titular, dejar\u00e1 de tratar los datos, salvo por motivos leg\u00edtimos imperiosos, o el ejercicio o la defensa de posibles reclamaciones.<\/p>\n<p>Podr\u00e1 ejercitar materialmente sus derechos de la siguiente forma: dirigi\u00e9ndose a \u00a0privacidad@fayjsa.es o por env\u00edo postal a Pol. Ind.\u00a0La Ferrer\u00eda, calle del Vapor, 56-58 C.P: 08110 Montcada i Reixac \u00a0(Barcelona).<\/p>\n<p>Cuando se realice el env\u00edo de comunicaciones comerciales utilizando como base jur\u00eddica el inter\u00e9s leg\u00edtimo del responsable, el interesado podr\u00e1 oponerse al tratamiento de sus datos con ese fin.<\/p>\n<p>Si ha otorgado su consentimiento para alguna finalidad concreta, tiene derecho a retirar el consentimiento otorgado en cualquier momento, sin que ello afecte a la licitud del tratamiento basado en el consentimiento previo a su retirada.<\/p>\n<p>En caso de que sienta vulnerados sus derechos en lo concerniente a la protecci\u00f3n de sus datos personales, especialmente cuando no haya obtenido satisfacci\u00f3n en el ejercicio de sus derechos, puede presentar una reclamaci\u00f3n ante la Autoridad de Control en materia de Protecci\u00f3n de Datos competente a trav\u00e9s de su sitio web: <a href=\"https:\/\/www.aepd.es\/es\" target=\"_blank\" rel=\"noopener\">www.aepd.es<\/a>.<\/p>\n<h3>8. \u00bfC\u00f3mo hemos obtenido sus datos?<\/h3>\n<p>Los datos personales que trata el titular proceden de: <strong>El propio interesado<\/strong>.<\/p>\n<p>&nbsp;<\/p>\n<h2 style=\"text-align: center;\">Tratamiento de los datos de potenciales clientes y contactos web<\/h2>\n<table>\n<thead>\n<tr>\n<th colspan=\"2\">Informaci\u00f3n b\u00e1sica sobre Protecci\u00f3n de datos<\/th>\n<\/tr>\n<\/thead>\n<tbody>\n<tr>\n<th>Responsable:<\/th>\n<td>F\u00c1BRICA DE ARANDELAS Y JUNTAS, S.L.<\/td>\n<\/tr>\n<tr>\n<th>Finalidad:<\/th>\n<td>Atender su solicitud y enviarle comunicaciones comerciales<\/td>\n<\/tr>\n<tr>\n<th>Legitimaci\u00f3n:<\/th>\n<td>Ejecuci\u00f3n de un contrato.<\/p>\n<p>Consentimiento del interesado.<\/td>\n<\/tr>\n<tr>\n<th>Destinatarios:<\/th>\n<td>No se ceder\u00e1n datos a terceros, salvo obligaci\u00f3n legal.<\/td>\n<\/tr>\n<tr>\n<th>Derechos:<\/th>\n<td>Tiene derecho a acceder, rectificar y suprimir los datos, as\u00ed como otros derechos, indicados en la informaci\u00f3n adicional, que puede ejercer dirigi\u00e9ndose a <a href=\"mailto:privacidad@fayjsa.es\" target=\"_blank\" rel=\"nofollow noopener\">privacidad@fayjsa.es<\/a> o por env\u00edo postal a Pol. Ind.\u00a0La Ferrer\u00eda, calle del Vapor, 56-58 C.P: 08110 Montcada i Reixac \u00a0(Barcelona).<\/td>\n<\/tr>\n<tr>\n<th>Procedencia:<\/th>\n<td>El propio interesado.<\/td>\n<\/tr>\n<\/tbody>\n<\/table>\n<h2 style=\"text-align: center;\">\u00a0Informaci\u00f3n completa sobre Protecci\u00f3n de Datos<\/h2>\n<h3>\u00a01. \u00bfQui\u00e9n es el responsable del tratamiento de sus datos?<\/h3>\n<ul>\n<li><strong>Identidad del titular: <\/strong>F\u00c1BRICA DE ARANDELAS Y JUNTAS, S.L.<\/li>\n<li><strong>CIF:<\/strong> B58204330<\/li>\n<li><strong>Direcci\u00f3n: <\/strong>Pol. Ind.\u00a0La Ferrer\u00eda. Calle Del Vapor, 56-58 C.P: 08110 Montcada i Reixac \u00a0(Barcelona).<\/li>\n<li><strong>Correo electr\u00f3nico<\/strong>: <a href=\"mailto:privacidad@fayjsa.es\" target=\"_blank\" rel=\"nofollow noopener\">privacidad@fayjsa.es<\/a><\/li>\n<\/ul>\n<h3>2. \u00bfCon qu\u00e9 finalidad tratamos sus datos personales?<\/h3>\n<p>El tratamiento de datos personales llevado a cabo por el titular tiene el fin de atender su solicitud y enviarle comunicaciones comerciales, inclusive por v\u00eda electr\u00f3nica. En el caso de que no facilite sus datos personales, no podremos cumplir con las funcionalidades descritas anteriormente.<\/p>\n<p>No se van a tomar decisiones automatizadas en base a los datos proporcionados.<\/p>\n<h3>3. \u00bfPor cu\u00e1nto tiempo conservaremos sus datos?<\/h3>\n<p>Los datos se conservar\u00e1n mientras el interesado no solicite su supresi\u00f3n<\/p>\n<h3>4. \u00bfCu\u00e1l es la legitimaci\u00f3n para el tratamiento de sus datos?<\/h3>\n<p>Le indicamos la base legal para el tratamiento de sus datos:<\/p>\n<ul>\n<li>Ejecuci\u00f3n de un contrato: Atender su solicitud<\/li>\n<li>Consentimiento del interesado: Enviarle comunicaciones comerciales, inclusive por v\u00eda electr\u00f3nica<\/li>\n<\/ul>\n<h3>5. \u00bfA qu\u00e9 destinatarios se comunicar\u00e1n sus datos?<\/h3>\n<p>No se ceder\u00e1n datos a terceros, salvo obligaci\u00f3n legal.<\/p>\n<h3>6. Transferencias de datos a terceros pa\u00edses<\/h3>\n<p>No est\u00e1n previstas transferencias de datos a terceros pa\u00edses.<\/p>\n<h3>7. \u00bfCu\u00e1les son sus derechos cuando nos facilita sus datos?<\/h3>\n<p>Cualquier persona tiene derecho a obtener confirmaci\u00f3n sobre si estamos tratando, o no, datos personales que les conciernan.<\/p>\n<p>Las personas interesadas tienen derecho a acceder a sus datos personales, as\u00ed como a solicitar la rectificaci\u00f3n de los datos inexactos o, en su caso, solicitar su supresi\u00f3n cuando, entre otros motivos, los datos ya no sean necesarios para los fines que fueron recogidos. Igualmente tiene derecho a la portabilidad de sus datos.<\/p>\n<p>En determinadas circunstancias, los interesados podr\u00e1n solicitar la limitaci\u00f3n del tratamiento de sus datos, en cuyo caso \u00fanicamente los conservaremos para el ejercicio o la defensa de reclamaciones.<\/p>\n<p>En determinadas circunstancias y por motivos relacionados con su situaci\u00f3n particular, los interesados podr\u00e1n oponerse al tratamiento de sus datos. En este caso, el titular dejar\u00e1 de tratar los datos, salvo por motivos leg\u00edtimos imperiosos, o el ejercicio o la defensa de posibles reclamaciones.<\/p>\n<p>Podr\u00e1 ejercitar materialmente sus derechos de la siguiente forma: dirigi\u00e9ndose a privacidad@fayjsa.es o por env\u00edo postal a Pol. Ind.\u00a0La Ferrer\u00eda, calle del Vapor, 56-58 C.P: 08110 Montcada i Reixac \u00a0(Barcelona).<\/p>\n<p>Cuando se realice el env\u00edo de comunicaciones comerciales utilizando como base jur\u00eddica el inter\u00e9s leg\u00edtimo del responsable, el interesado podr\u00e1 oponerse al tratamiento de sus datos con ese fin.<\/p>\n<p>Si ha otorgado su consentimiento para alguna finalidad concreta, tiene derecho a retirar el consentimiento otorgado en cualquier momento, sin que ello afecte a la licitud del tratamiento basado en el consentimiento previo a su retirada.<\/p>\n<p>En caso de que sienta vulnerados sus derechos en lo concerniente a la protecci\u00f3n de sus datos personales, especialmente cuando no haya obtenido satisfacci\u00f3n en el ejercicio de sus derechos, puede presentar una reclamaci\u00f3n ante la Autoridad de Control en materia de Protecci\u00f3n de Datos competente a trav\u00e9s de su sitio web: <a href=\"https:\/\/www.aepd.es\/es\" target=\"_blank\" rel=\"noopener\">www.aepd.es<\/a>.<\/p>\n<h3>8. \u00bfC\u00f3mo hemos obtenido sus datos?<\/h3>\n<p>Los datos personales que trata el titular proceden de: <strong>El propio interesado<\/strong>.<\/p>\n<h2 style=\"text-align: center;\">Tratamiento de los datos de proveedores<\/h2>\n<table>\n<thead>\n<tr>\n<th colspan=\"2\">Informaci\u00f3n b\u00e1sica sobre Protecci\u00f3n de datos<\/th>\n<\/tr>\n<\/thead>\n<tbody>\n<tr>\n<th>Responsable:<\/th>\n<td>F\u00c1BRICA DE ARANDELAS Y JUNTAS, S.L.<\/td>\n<\/tr>\n<tr>\n<th>Finalidad:<\/th>\n<td>Gestionar la prestaci\u00f3n de los servicios contratados<\/td>\n<\/tr>\n<tr>\n<th>Legitimaci\u00f3n:<\/th>\n<td>Ejecuci\u00f3n de un contrato.<\/td>\n<\/tr>\n<tr>\n<th>Destinatarios:<\/th>\n<td>Est\u00e1n previstas cesiones de datos a: Administraci\u00f3n Tributaria; Entidades financieras.<\/td>\n<\/tr>\n<tr>\n<th>Derechos:<\/th>\n<td>Tiene derecho a acceder, rectificar y suprimir los datos, as\u00ed como otros derechos, indicados en la informaci\u00f3n adicional, que puede ejercer dirigi\u00e9ndose a <a href=\"mailto:privacidad@fayjsa.es\" target=\"_blank\" rel=\"nofollow noopener\">privacidad@fayjsa.es<\/a> o por env\u00edo postal a Pol. Ind.\u00a0La Ferrer\u00eda, calle del Vapor, 56-58 C.P: 08110 Montcada i Reixac \u00a0(Barcelona).<\/td>\n<\/tr>\n<tr>\n<th>Procedencia:<\/th>\n<td>El propio interesado.<\/td>\n<\/tr>\n<\/tbody>\n<\/table>\n<h2 style=\"text-align: center;\">\u00a0Informaci\u00f3n completa sobre Protecci\u00f3n de Datos<\/h2>\n<h3>\u00a01. \u00bfQui\u00e9n es el responsable del tratamiento de sus datos?<\/h3>\n<ul>\n<li><strong>Identidad del titular: <\/strong>F\u00c1BRICA DE ARANDELAS Y JUNTAS, S.L.<\/li>\n<li><strong>CIF:<\/strong> B58204330<\/li>\n<li><strong>Direcci\u00f3n: <\/strong>Pol. Ind.\u00a0La Ferrer\u00eda. Calle Del Vapor, 56-58 C.P: 08110 Montcada i Reixac \u00a0(Barcelona).<\/li>\n<li><strong>Correo electr\u00f3nico<\/strong>: <a href=\"mailto:privacidad@fayjsa.es\" target=\"_blank\" rel=\"nofollow noopener\">privacidad@fayjsa.es<\/a><\/li>\n<\/ul>\n<h3>2. \u00bfCon qu\u00e9 finalidad tratamos sus datos personales?<\/h3>\n<p>El tratamiento de datos personales llevado a cabo por el titular tiene el fin de realizar la gesti\u00f3n administrativa, contable y fiscal de los servicios contratados, as\u00ed como de las personas de contacto. En el caso de que no facilite sus datos personales, no podremos cumplir con las funcionalidades descritas anteriormente.<\/p>\n<p>No se van a tomar decisiones automatizadas en base a los datos proporcionados.<\/p>\n<h3>3. \u00bfPor cu\u00e1nto tiempo conservaremos sus datos?<\/h3>\n<p>Los datos se conservar\u00e1n mientras el interesado no solicite su supresi\u00f3n, y en su caso, durante los a\u00f1os necesarios para cumplir con las obligaciones legales.<\/p>\n<h3>4. \u00bfCu\u00e1l es la legitimaci\u00f3n para el tratamiento de sus datos?<\/h3>\n<p>Le indicamos la base legal para el tratamiento de sus datos:<\/p>\n<ul>\n<li>Ejecuci\u00f3n de un contrato: Realizar la gesti\u00f3n administrativa, contable y fiscal de los servicios contratados, as\u00ed como de las personas de contacto<\/li>\n<\/ul>\n<h3>5. \u00bfA qu\u00e9 destinatarios se comunicar\u00e1n sus datos?<\/h3>\n<p>Los datos se comunicar\u00e1n a los siguientes destinatarios:<\/p>\n<ul>\n<li>Administraci\u00f3n Tributaria, con la finalidad de cumplir con las obligaciones legales<\/li>\n<li>Entidades financieras, con la finalidad de realizar los pagos correspondientes<\/li>\n<\/ul>\n<h3>6. Transferencias de datos a terceros pa\u00edses<\/h3>\n<p>No est\u00e1n previstas transferencias de datos a terceros pa\u00edses.<\/p>\n<h3>7. \u00bfCu\u00e1les son sus derechos cuando nos facilita sus datos?<\/h3>\n<p>Cualquier persona tiene derecho a obtener confirmaci\u00f3n sobre si estamos tratando, o no, datos personales que les conciernan.<\/p>\n<p>Las personas interesadas tienen derecho a acceder a sus datos personales, as\u00ed como a solicitar la rectificaci\u00f3n de los datos inexactos o, en su caso, solicitar su supresi\u00f3n cuando, entre otros motivos, los datos ya no sean necesarios para los fines que fueron recogidos. Igualmente tiene derecho a la portabilidad de sus datos.<\/p>\n<p>En determinadas circunstancias, los interesados podr\u00e1n solicitar la limitaci\u00f3n del tratamiento de sus datos, en cuyo caso \u00fanicamente los conservaremos para el ejercicio o la defensa de reclamaciones.<\/p>\n<p>En determinadas circunstancias y por motivos relacionados con su situaci\u00f3n particular, los interesados podr\u00e1n oponerse al tratamiento de sus datos. En este caso, el titular, dejar\u00e1 de tratar los datos, salvo por motivos leg\u00edtimos imperiosos, o el ejercicio o la defensa de posibles reclamaciones.<\/p>\n<p>Podr\u00e1 ejercitar materialmente sus derechos de la siguiente forma: dirigi\u00e9ndose a \u00a0privacidad@fayjsa.es o por env\u00edo postal a Pol. Ind.\u00a0La Ferrer\u00eda, calle del Vapor, 56-58 C.P: 08110 Montcada i Reixac \u00a0(Barcelona).<\/p>\n<p>Cuando se realice el env\u00edo de comunicaciones comerciales utilizando como base jur\u00eddica el inter\u00e9s leg\u00edtimo del responsable, el interesado podr\u00e1 oponerse al tratamiento de sus datos con ese fin.<\/p>\n<p>Si ha otorgado su consentimiento para alguna finalidad concreta, tiene derecho a retirar el consentimiento otorgado en cualquier momento, sin que ello afecte a la licitud del tratamiento basado en el consentimiento previo a su retirada.<\/p>\n<p>En caso de que sienta vulnerados sus derechos en lo concerniente a la protecci\u00f3n de sus datos personales, especialmente cuando no haya obtenido satisfacci\u00f3n en el ejercicio de sus derechos, puede presentar una reclamaci\u00f3n ante la Autoridad de Control en materia de Protecci\u00f3n de Datos competente a trav\u00e9s de su sitio web: <a href=\"https:\/\/www.aepd.es\/es\" target=\"_blank\" rel=\"noopener\">www.aepd.es<\/a>.<\/p>\n<h3>8. \u00bfC\u00f3mo hemos obtenido sus datos?<\/h3>\n<p>Los datos personales que trata el titular proceden de: <strong>El propio interesado<\/strong>.<\/p>\n","protected":false},"excerpt":{"rendered":"<p>FA\u0301BRICA DE ARANDELAS Y JUNTAS, S.L. (desde ahora, el titular), es el responsable de tratamiento de datos personales y titular del website https:\/\/www.fayjsa.com y https:\/\/www.fayjsa.es (desde ahora, \u201cel website\u201d). El titular garantiza la protecci\u00f3n de todos los datos de car\u00e1cter personal que proporcione el usuario en el website. A tenor de lo establecido en el [&hellip;]<\/p>\n","protected":false},"author":1,"featured_media":1280,"parent":0,"menu_order":0,"comment_status":"closed","ping_status":"closed","template":"plantilla-textos-legales.php","meta":{"site-sidebar-layout":"default","site-content-layout":"default","ast-site-content-layout":"default","site-content-style":"default","site-sidebar-style":"default","ast-global-header-display":"","ast-banner-title-visibility":"","ast-main-header-display":"","ast-hfb-above-header-display":"","ast-hfb-below-header-display":"","ast-hfb-mobile-header-display":"","site-post-title":"","ast-breadcrumbs-content":"","ast-featured-img":"","footer-sml-layout":"","ast-disable-related-posts":"","theme-transparent-header-meta":"disabled","adv-header-id-meta":"","stick-header-meta":"default","header-above-stick-meta":"","header-main-stick-meta":"","header-below-stick-meta":"","astra-migrate-meta-layouts":"default","ast-page-background-enabled":"default","ast-page-background-meta":{"desktop":{"background-color":"var(--ast-global-color-4)","background-image":"","background-repeat":"repeat","background-position":"center center","background-size":"auto","background-attachment":"scroll","background-type":"","background-media":"","overlay-type":"","overlay-color":"","overlay-opacity":"","overlay-gradient":""},"tablet":{"background-color":"","background-image":"","background-repeat":"repeat","background-position":"center center","background-size":"auto","background-attachment":"scroll","background-type":"","background-media":"","overlay-type":"","overlay-color":"","overlay-opacity":"","overlay-gradient":""},"mobile":{"background-color":"","background-image":"","background-repeat":"repeat","background-position":"center center","background-size":"auto","background-attachment":"scroll","background-type":"","background-media":"","overlay-type":"","overlay-color":"","overlay-opacity":"","overlay-gradient":""}},"ast-content-background-meta":{"desktop":{"background-color":"var(--ast-global-color-5)","background-image":"","background-repeat":"repeat","background-position":"center center","background-size":"auto","background-attachment":"scroll","background-type":"","background-media":"","overlay-type":"","overlay-color":"","overlay-opacity":"","overlay-gradient":""},"tablet":{"background-color":"var(--ast-global-color-5)","background-image":"","background-repeat":"repeat","background-position":"center center","background-size":"auto","background-attachment":"scroll","background-type":"","background-media":"","overlay-type":"","overlay-color":"","overlay-opacity":"","overlay-gradient":""},"mobile":{"background-color":"var(--ast-global-color-5)","background-image":"","background-repeat":"repeat","background-position":"center center","background-size":"auto","background-attachment":"scroll","background-type":"","background-media":"","overlay-type":"","overlay-color":"","overlay-opacity":"","overlay-gradient":""}},"footnotes":""},"class_list":["post-1222","page","type-page","status-publish","has-post-thumbnail","hentry"],"_links":{"self":[{"href":"https:\/\/fayjsa.es\/en\/wp-json\/wp\/v2\/pages\/1222","targetHints":{"allow":["GET"]}}],"collection":[{"href":"https:\/\/fayjsa.es\/en\/wp-json\/wp\/v2\/pages"}],"about":[{"href":"https:\/\/fayjsa.es\/en\/wp-json\/wp\/v2\/types\/page"}],"author":[{"embeddable":true,"href":"https:\/\/fayjsa.es\/en\/wp-json\/wp\/v2\/users\/1"}],"replies":[{"embeddable":true,"href":"https:\/\/fayjsa.es\/en\/wp-json\/wp\/v2\/comments?post=1222"}],"version-history":[{"count":2,"href":"https:\/\/fayjsa.es\/en\/wp-json\/wp\/v2\/pages\/1222\/revisions"}],"predecessor-version":[{"id":1304,"href":"https:\/\/fayjsa.es\/en\/wp-json\/wp\/v2\/pages\/1222\/revisions\/1304"}],"wp:featuredmedia":[{"embeddable":true,"href":"https:\/\/fayjsa.es\/en\/wp-json\/wp\/v2\/media\/1280"}],"wp:attachment":[{"href":"https:\/\/fayjsa.es\/en\/wp-json\/wp\/v2\/media?parent=1222"}],"curies":[{"name":"wp","href":"https:\/\/api.w.org\/{rel}","templated":true}]}}